{"id":6463,"date":"2025-04-24T09:56:19","date_gmt":"2025-04-24T09:56:19","guid":{"rendered":"https:\/\/imf-defense.com\/?page_id=6463"},"modified":"2025-12-19T12:51:19","modified_gmt":"2025-12-19T12:51:19","slug":"impressum","status":"publish","type":"page","link":"https:\/\/imf-defense.com\/ro\/amprenta\/","title":{"rendered":"Imprint"},"content":{"rendered":"<div data-elementor-type=\"wp-page\" data-elementor-id=\"6463\" class=\"elementor elementor-6463\" data-elementor-post-type=\"page\">\n\t\t\t\t<div class=\"elementor-element elementor-element-89f9380 e-con-full e-flex e-con e-parent\" data-id=\"89f9380\" data-element_type=\"container\" data-settings=\"{&quot;background_background&quot;:&quot;classic&quot;}\">\n\t\t\t\t<\/div>\n\t\t<div class=\"elementor-element elementor-element-f875d08 e-con-full e-flex e-con e-parent\" data-id=\"f875d08\" data-element_type=\"container\">\n\t\t\t\t<div class=\"elementor-element elementor-element-4768b9e elementor-widget elementor-widget-text-editor\" data-id=\"4768b9e\" data-element_type=\"widget\" data-widget_type=\"text-editor.default\">\n\t\t\t\t<div class=\"elementor-widget-container\">\n\t\t\t\t\t\t\t\t\t<h2>Imprint<\/h2><p>International Metal Foam AG<br \/>Zeltweg 11, CH-8023 Zurich<\/p><p><strong>e-mail:<\/strong> info@imf-ag.com<br \/><strong>Telefon:<\/strong> +41 44 256 16 07<br \/><strong>Website:<\/strong> imf-ag.com<br \/><strong>Consiliul de administra\u021bie:<\/strong> Frank Schiffer, Zurich<br \/><strong>Consiliul de administra\u021bie:<\/strong> Prof. Dr. Dirk Zielke, Brandenburg a. d. Havel<br \/><strong>Registrul comer\u021bului:<\/strong> Registrul Comer\u021bului Zurich<br \/><strong>Num\u0103rul de TVA:<\/strong> CHE-106.156.173<\/p><h3>Informa\u021bii juridice<\/h3><p>Solu\u021bionarea litigiilor la nivelul UE Consumatorii au posibilitatea de a depune reclama\u021bii la platforma online de solu\u021bionare a litigiilor a UE: <a href=\"https:\/\/ec.europa.eu\/consumers\/odr\/main\">https:\/\/ec.europa.eu\/consumers\/odr\/main<\/a> sau dac\u0103 locui\u021bi \u00een Austria: <a href=\"https:\/\/europakonsument.at\">https:\/\/europakonsument.at<\/a> . De asemenea, pute\u021bi trimite orice pl\u00e2ngere la adresa de e-mail indicat\u0103 mai sus.<\/p><p>Not\u0103 privind solu\u021bionarea litigiilor Nu suntem dispu\u0219i sau obliga\u021bi s\u0103 particip\u0103m la proceduri de solu\u021bionare a litigiilor \u00een fa\u021ba unei comisii de arbitraj pentru consumatori.<\/p><p>Declinarea r\u0103spunderii pentru con\u021binut \u0219i linkuri Ne str\u0103duim s\u0103 actualiz\u0103m \u00een permanen\u021b\u0103 con\u021binutul furnizat pe acest site \u0219i s\u0103 \u00eel prezent\u0103m corect. Cu toate acestea, nu garant\u0103m acurate\u021bea, exhaustivitatea \u0219i actualitatea informa\u021biilor furnizate, \u00een special a celor care provin de la ter\u021bi. Ne rezerv\u0103m dreptul de a modifica, completa sau elimina con\u021binutul f\u0103r\u0103 notificare prealabil\u0103.<\/p><p>Site-ul nostru web con\u021bine linkuri c\u0103tre site-uri externe ale unor ter\u021be p\u0103r\u021bi asupra con\u021binutului c\u0103rora nu avem nicio influen\u021b\u0103. Furnizorul sau operatorul respectiv al paginilor este \u00eentotdeauna responsabil pentru con\u021binutul paginilor legate. La momentul conect\u0103rii, nu a fost recunoscut niciun con\u021binut ilegal. Cu toate acestea, monitorizarea permanent\u0103 a con\u021binutului paginilor legate nu este rezonabil\u0103 f\u0103r\u0103 dovezi concrete ale unei \u00eenc\u0103lc\u0103ri. \u00cen cazul \u00een care lu\u0103m cuno\u0219tin\u021b\u0103 de \u00eenc\u0103lc\u0103ri ale legii, aceste linkuri vor fi eliminate imediat.<\/p><p>Notificare privind drepturile de autor Con\u021binutul publicat pe acest site, inclusiv grafic\u0103, imagini, fotografii, texte \u0219i videoclipuri (denumit \u00een continuare \"con\u021binut\"), face obiectul drepturilor de autor. Ne str\u0103duim s\u0103 utiliz\u0103m numai con\u021binut pe care l-am creat noi \u00een\u0219ine sau s\u0103 folosim materiale f\u0103r\u0103 licen\u021b\u0103 \u0219i s\u0103 respect\u0103m legile aplicabile privind drepturile de autor.<\/p><p>Licen\u021bele pentru anumite grafice, imagini \u0219i fotografii utilizate pe acest site web au fost ob\u021binute de la furnizori externi. Orice utilizare a acestui con\u021binut licen\u021biat este supus\u0103 condi\u021biilor de licen\u021b\u0103 respective. Orice utilizare, reproducere, editare sau distribuire ulterioar\u0103 a acestui con\u021binut nu este permis\u0103 f\u0103r\u0103 acordul nostru expres \u0219i f\u0103r\u0103 respectarea condi\u021biilor de licen\u021b\u0103 relevante.<\/p><p>De asemenea, con\u021binutul acestui site creat de noi nu poate fi reprodus, editat, distribuit sau utilizat \u00een alt mod f\u0103r\u0103 permisiune scris\u0103 prealabil\u0103.<\/p><p>Con\u021binutul ter\u021b\u0103 parte este etichetat ca atare, cu excep\u021bia cazului \u00een care provine de la noi. \u00cen cazul \u00een care totu\u0219i lua\u021bi cuno\u0219tin\u021b\u0103 de o posibil\u0103 \u00eenc\u0103lcare a drepturilor de autor, v\u0103 rug\u0103m s\u0103 ne informa\u021bi imediat. Dac\u0103 lu\u0103m cuno\u0219tin\u021b\u0103 de orice \u00eenc\u0103lcare, vom elimina imediat con\u021binutul \u00een cauz\u0103.<\/p>\t\t\t\t\t\t\t\t<\/div>\n\t\t\t\t<\/div>\n\t\t\t\t<\/div>\n\t\t\t\t<\/div>","protected":false},"excerpt":{"rendered":"<p>Impressum International Metal Foam AGZeltweg 11, CH-8023 Z\u00fcrich E-Mail: info@imf-ag.comTelefon: +41 44 256 16 07Website: imf-ag.comVerwaltungsrat: Frank Schiffer, Z\u00fcrichVerwaltungsrat: Prof. Dr.-Ing. Dirk Zielke, Brandenburg a. d. HavelHandelsregister: Handelsregister Z\u00fcrichUID-Nummer: CHE-106.156.173 Rechtliche Hinweise EU-Streitschlichtung Verbraucher haben die M\u00f6glichkeit, Beschwerden an die Online-Streitbeilegungsplattform der EU zu richten: https:\/\/ec.europa.eu\/consumers\/odr\/main oder ggf. wenn Sie in \u00d6sterreich leben: https:\/\/europakonsument.at . [&hellip;]<\/p>","protected":false},"author":1,"featured_media":0,"parent":0,"menu_order":0,"comment_status":"closed","ping_status":"closed","template":"","meta":{"_acf_changed":false,"iawp_total_views":166,"footnotes":""},"class_list":["post-6463","page","type-page","status-publish","hentry"],"yoast_head":"<!-- This site is optimized with the Yoast SEO plugin v24.9 - https:\/\/yoast.com\/wordpress\/plugins\/seo\/ -->\n<title>Rechtliche Angaben &amp; Kontakt | IMF Defense<\/title>\n<meta name=\"description\" content=\"Impressum: Hier finden Sie alle rechtlichen Angaben, Handelsregistereintrag, Vertretungsberechtigte und Kontaktm\u00f6glichkeiten in Z\u00fcrich.\" \/>\n<meta name=\"robots\" content=\"index, follow, max-snippet:-1, max-image-preview:large, max-video-preview:-1\" \/>\n<link rel=\"canonical\" href=\"https:\/\/imf-defense.com\/ro\/amprenta\/\" \/>\n<meta property=\"og:locale\" content=\"ro_RO\" \/>\n<meta property=\"og:type\" content=\"article\" \/>\n<meta property=\"og:title\" content=\"Rechtliche Angaben &amp; Kontakt | IMF Defense\" \/>\n<meta property=\"og:description\" content=\"Impressum: Hier finden Sie alle rechtlichen Angaben, Handelsregistereintrag, Vertretungsberechtigte und Kontaktm\u00f6glichkeiten in Z\u00fcrich.\" \/>\n<meta property=\"og:url\" content=\"https:\/\/imf-defense.com\/ro\/amprenta\/\" \/>\n<meta property=\"og:site_name\" content=\"International Metal Foam AG\" \/>\n<meta property=\"article:modified_time\" content=\"2025-12-19T12:51:19+00:00\" \/>\n<meta name=\"twitter:card\" content=\"summary_large_image\" \/>\n<meta name=\"twitter:label1\" content=\"Timp estimat pentru citire\" \/>\n\t<meta name=\"twitter:data1\" content=\"2 minute\" \/>\n<script type=\"application\/ld+json\" class=\"yoast-schema-graph\">{\"@context\":\"https:\/\/schema.org\",\"@graph\":[{\"@type\":\"WebPage\",\"@id\":\"https:\/\/imf-defense.com\/impressum\/\",\"url\":\"https:\/\/imf-defense.com\/impressum\/\",\"name\":\"Rechtliche Angaben & Kontakt | IMF Defense\",\"isPartOf\":{\"@id\":\"https:\/\/imf-defense.com\/#website\"},\"datePublished\":\"2025-04-24T09:56:19+00:00\",\"dateModified\":\"2025-12-19T12:51:19+00:00\",\"description\":\"Impressum: Hier finden Sie alle rechtlichen Angaben, Handelsregistereintrag, Vertretungsberechtigte und Kontaktm\u00f6glichkeiten in Z\u00fcrich.\",\"breadcrumb\":{\"@id\":\"https:\/\/imf-defense.com\/impressum\/#breadcrumb\"},\"inLanguage\":\"ro-RO\",\"potentialAction\":[{\"@type\":\"ReadAction\",\"target\":[\"https:\/\/imf-defense.com\/impressum\/\"]}]},{\"@type\":\"BreadcrumbList\",\"@id\":\"https:\/\/imf-defense.com\/impressum\/#breadcrumb\",\"itemListElement\":[{\"@type\":\"ListItem\",\"position\":1,\"name\":\"Startseite\",\"item\":\"https:\/\/imf-defense.com\/\"},{\"@type\":\"ListItem\",\"position\":2,\"name\":\"Impressum\"}]},{\"@type\":\"WebSite\",\"@id\":\"https:\/\/imf-defense.com\/#website\",\"url\":\"https:\/\/imf-defense.com\/\",\"name\":\"International Metal Foam AG\",\"description\":\"\",\"potentialAction\":[{\"@type\":\"SearchAction\",\"target\":{\"@type\":\"EntryPoint\",\"urlTemplate\":\"https:\/\/imf-defense.com\/?s={search_term_string}\"},\"query-input\":{\"@type\":\"PropertyValueSpecification\",\"valueRequired\":true,\"valueName\":\"search_term_string\"}}],\"inLanguage\":\"ro-RO\"}]}<\/script>\n<!-- \/ Yoast SEO plugin. -->","yoast_head_json":{"title":"Rechtliche Angaben & Kontakt | IMF Defense","description":"Impressum: Hier finden Sie alle rechtlichen Angaben, Handelsregistereintrag, Vertretungsberechtigte und Kontaktm\u00f6glichkeiten in Z\u00fcrich.","robots":{"index":"index","follow":"follow","max-snippet":"max-snippet:-1","max-image-preview":"max-image-preview:large","max-video-preview":"max-video-preview:-1"},"canonical":"https:\/\/imf-defense.com\/ro\/amprenta\/","og_locale":"ro_RO","og_type":"article","og_title":"Rechtliche Angaben & Kontakt | IMF Defense","og_description":"Impressum: Hier finden Sie alle rechtlichen Angaben, Handelsregistereintrag, Vertretungsberechtigte und Kontaktm\u00f6glichkeiten in Z\u00fcrich.","og_url":"https:\/\/imf-defense.com\/ro\/amprenta\/","og_site_name":"International Metal Foam AG","article_modified_time":"2025-12-19T12:51:19+00:00","twitter_card":"summary_large_image","twitter_misc":{"Timp estimat pentru citire":"2 minute"},"schema":{"@context":"https:\/\/schema.org","@graph":[{"@type":"WebPage","@id":"https:\/\/imf-defense.com\/impressum\/","url":"https:\/\/imf-defense.com\/impressum\/","name":"Rechtliche Angaben & Kontakt | IMF Defense","isPartOf":{"@id":"https:\/\/imf-defense.com\/#website"},"datePublished":"2025-04-24T09:56:19+00:00","dateModified":"2025-12-19T12:51:19+00:00","description":"Impressum: Hier finden Sie alle rechtlichen Angaben, Handelsregistereintrag, Vertretungsberechtigte und Kontaktm\u00f6glichkeiten in Z\u00fcrich.","breadcrumb":{"@id":"https:\/\/imf-defense.com\/impressum\/#breadcrumb"},"inLanguage":"ro-RO","potentialAction":[{"@type":"ReadAction","target":["https:\/\/imf-defense.com\/impressum\/"]}]},{"@type":"BreadcrumbList","@id":"https:\/\/imf-defense.com\/impressum\/#breadcrumb","itemListElement":[{"@type":"ListItem","position":1,"name":"Startseite","item":"https:\/\/imf-defense.com\/"},{"@type":"ListItem","position":2,"name":"Impressum"}]},{"@type":"WebSite","@id":"https:\/\/imf-defense.com\/#website","url":"https:\/\/imf-defense.com\/","name":"International Metal Foam AG","description":"","potentialAction":[{"@type":"SearchAction","target":{"@type":"EntryPoint","urlTemplate":"https:\/\/imf-defense.com\/?s={search_term_string}"},"query-input":{"@type":"PropertyValueSpecification","valueRequired":true,"valueName":"search_term_string"}}],"inLanguage":"ro-RO"}]}},"acf":[],"_links":{"self":[{"href":"https:\/\/imf-defense.com\/ro\/wp-json\/wp\/v2\/pages\/6463","targetHints":{"allow":["GET"]}}],"collection":[{"href":"https:\/\/imf-defense.com\/ro\/wp-json\/wp\/v2\/pages"}],"about":[{"href":"https:\/\/imf-defense.com\/ro\/wp-json\/wp\/v2\/types\/page"}],"author":[{"embeddable":true,"href":"https:\/\/imf-defense.com\/ro\/wp-json\/wp\/v2\/users\/1"}],"replies":[{"embeddable":true,"href":"https:\/\/imf-defense.com\/ro\/wp-json\/wp\/v2\/comments?post=6463"}],"version-history":[{"count":25,"href":"https:\/\/imf-defense.com\/ro\/wp-json\/wp\/v2\/pages\/6463\/revisions"}],"predecessor-version":[{"id":7935,"href":"https:\/\/imf-defense.com\/ro\/wp-json\/wp\/v2\/pages\/6463\/revisions\/7935"}],"wp:attachment":[{"href":"https:\/\/imf-defense.com\/ro\/wp-json\/wp\/v2\/media?parent=6463"}],"curies":[{"name":"wp","href":"https:\/\/api.w.org\/{rel}","templated":true}]}}